{"version":"1.0","provider_name":"Podn\u00e1jom - Baportal.sk - Bratislava","provider_url":"https:\/\/baportal.sk\/podnajom","title":"Dobr\u00fd de\u0148!  So s\u00fahlasom majite\u013eky bytu :  Pon\u00fakame na pren\u00e1jom priestrann\u00fd 2-i... | Podn\u00e1jom - Baportal.sk - Bratislava","type":"rich","width":600,"height":338,"html":"<blockquote class=\"wp-embedded-content\" data-secret=\"lLoaS8tyNA\"><a href=\"https:\/\/baportal.sk\/podnajom\/in\/52606\/\">Dobr\u00fd de\u0148! \n So s\u00fahlasom majite\u013eky bytu : \n Pon\u00fakame na pren\u00e1jom priestrann\u00fd 2-i...<\/a><\/blockquote><iframe sandbox=\"allow-scripts\" security=\"restricted\" src=\"https:\/\/baportal.sk\/podnajom\/in\/52606\/embed\/#?secret=lLoaS8tyNA\" width=\"600\" height=\"338\" title=\"&#8220;Dobr\u00fd de\u0148! \n So s\u00fahlasom majite\u013eky bytu : \n Pon\u00fakame na pren\u00e1jom priestrann\u00fd 2-i...&#8221; &#8212; Podn\u00e1jom - Baportal.sk - Bratislava\" data-secret=\"lLoaS8tyNA\" frameborder=\"0\" marginwidth=\"0\" marginheight=\"0\" scrolling=\"no\" class=\"wp-embedded-content\"><\/iframe><script type=\"text\/javascript\">\n\/* <![CDATA[ *\/\n\/*! This file is auto-generated *\/\n!function(d,l){\"use strict\";l.querySelector&&d.addEventListener&&\"undefined\"!=typeof URL&&(d.wp=d.wp||{},d.wp.receiveEmbedMessage||(d.wp.receiveEmbedMessage=function(e){var t=e.data;if((t||t.secret||t.message||t.value)&&!\/[^a-zA-Z0-9]\/.test(t.secret)){for(var s,r,n,a=l.querySelectorAll('iframe[data-secret=\"'+t.secret+'\"]'),o=l.querySelectorAll('blockquote[data-secret=\"'+t.secret+'\"]'),c=new RegExp(\"^https?:$\",\"i\"),i=0;i<o.length;i++)o[i].style.display=\"none\";for(i=0;i<a.length;i++)s=a[i],e.source===s.contentWindow&&(s.removeAttribute(\"style\"),\"height\"===t.message?(1e3<(r=parseInt(t.value,10))?r=1e3:~~r<200&&(r=200),s.height=r):\"link\"===t.message&&(r=new URL(s.getAttribute(\"src\")),n=new URL(t.value),c.test(n.protocol))&&n.host===r.host&&l.activeElement===s&&(d.top.location.href=t.value))}},d.addEventListener(\"message\",d.wp.receiveEmbedMessage,!1),l.addEventListener(\"DOMContentLoaded\",function(){for(var e,t,s=l.querySelectorAll(\"iframe.wp-embedded-content\"),r=0;r<s.length;r++)(t=(e=s[r]).getAttribute(\"data-secret\"))||(t=Math.random().toString(36).substring(2,12),e.src+=\"#?secret=\"+t,e.setAttribute(\"data-secret\",t)),e.contentWindow.postMessage({message:\"ready\",secret:t},\"*\")},!1)))}(window,document);\n\/* ]]> *\/\n<\/script>\n","thumbnail_url":"https:\/\/scontent-prg1-1.xx.fbcdn.net\/v\/t39.30808-6\/328433701_1699367597192635_2790359230975324687_n.jpg?stp=cp1_dst-jpg&_nc_cat=108&ccb=1-7&_nc_sid=36a2c1&_nc_ohc=64otYbQh6REAX-\\-\\jPEo&_nc_ht=scontent-prg1-1.xx&oh=00_AfARqfA0bowZF-kKPVKFQfw2vZEm-Wa2BjvhSeBtvwmoOA&oe=63E266A9","thumbnail_width":600,"thumbnail_height":783,"description":"Dobr\u00fd de\u0148! \ud83d\ude0a So s\u00fahlasom majite\u013eky bytu : Pon\u00fakame na pren\u00e1jom priestrann\u00fd 2-izbov\u00fd byt\u00edk s balk\u00f3nom (58m2) vo vyh\u013ead\u00e1vanej lokalite na za\u010diatku Petr\u017ealky"}